{"id":32,"date":"2016-05-24T16:23:24","date_gmt":"2016-05-24T13:23:24","guid":{"rendered":"http:\/\/viljelusvoistlus.ee.klient.veebimajutus.ee\/?page_id=32"},"modified":"2026-04-16T15:59:28","modified_gmt":"2026-04-16T12:59:28","slug":"kontakt","status":"publish","type":"page","link":"https:\/\/viljelusvoistlus.ee\/en\/kontakt\/","title":{"rendered":""},"content":{"rendered":"<div id=\"pl-32\"  class=\"panel-layout\" ><div id=\"pg-32-0\"  class=\"panel-grid panel-has-style\" ><div style=\"padding: 20px 0; \" data-overlay=\"true\" class=\"panel-row-style panel-row-style-for-32-0\" ><div id=\"pgc-32-0-0\"  class=\"panel-grid-cell\" ><div id=\"panel-32-0-0-0\" class=\"so-panel widget widget_sow-editor panel-first-child panel-last-child\" data-index=\"0\" ><div style=\"text-align: left;\" data-title-color=\"#443f3f\" data-headings-color=\"#443f3f\" class=\"panel-widget-style panel-widget-style-for-32-0-0-0\" ><div\n\t\t\t\n\t\t\tclass=\"so-widget-sow-editor so-widget-sow-editor-base\"\n\t\t\t\n\t\t>\n<div class=\"siteorigin-widget-tinymce textwidget\">\n\t<p>Viljelusv\u00f5istlust korraldab <strong>MT\u00dc Viljelusp\u00e4evad. <\/strong>Kaasatud on ka <a href=\"https:\/\/metk.agri.ee\/\">Maaelu Teadmuskeskuse<\/a> eksperdid <strong>Raivo Vettik<\/strong> ja <strong>Helen Vesik <\/strong>ning <a href=\"https:\/\/www.emu.ee\/\">Eesti Maa\u00fclikooli<\/a> eksperdid <strong>Indrek Keres, Endla Reintam, Alar Astover <\/strong>ja<strong> Evelin Loit-Harro<\/strong>, kes lisaks p\u00f5ldude mulla, taimestiku ja agrotehnika j\u00e4lgimisele toetavad v\u00f5istlejaid asjalike n\u00f5uannetega. Selle eest, et uued teadmised ja kogemused v\u00f5istlusp\u00f5ldudelt avalikkuse ette j\u00f5uaksid, hoolitsevad <a href=\"https:\/\/maaleht.delfi.ee\/\">Maalehe<\/a> ajakirjanikud <strong>Marju Reitsak<\/strong> ja <strong>Lii Sammler<\/strong>.<\/p>\n<p>Korraldajafirmad ja toetajad: <a href=\"https:\/\/balticagro.ee\/\">Baltic Agro AS<\/a>, <a href=\"https:\/\/maaleht.delfi.ee\/\">Ekspress Meedia AS (Maaleht)<\/a>, <a href=\"https:\/\/scandagra.ee\/\">Scandagra Eesti AS<\/a>, <a href=\"https:\/\/kevili.ee\/\">P\u00f5llumeeste \u00dchistu KEVILI<\/a>, <a href=\"https:\/\/www.cropscience.bayer.ee\/\">Bayer Crop Science Eesti<\/a>, <a href=\"https:\/\/www.agro.basf.ee\/ee\/\">BASF UAB<\/a>, <a href=\"https:\/\/www.corteva.com\/ee\">Corteva Agriscience<\/a>, <a href=\"https:\/\/nordiskalkali.ee\/\">Nordisk Alkali Estonia<\/a>, <a href=\"https:\/\/www.syngenta.ee\/\">Syngenta Estonia<\/a>, <a href=\"https:\/\/www.swedbank.ee\/\">Swedbank AS<\/a>, <a href=\"https:\/\/www.adama.com\/eesti\/et\">Adama<\/a>, <a href=\"https:\/\/tartumill.ee\/\">Tartu Mill AS<\/a>, <a href=\"https:\/\/www.rapool.ee\/\">Rapool Eesti<\/a>, <a href=\"https:\/\/linasagro.ee\/\">Linas Agro<\/a><b>.<\/b><\/p>\n<\/div>\n<\/div><\/div><\/div><\/div><\/div><\/div><div id=\"pg-32-1\"  class=\"panel-grid panel-has-style\" ><div style=\"padding: 20px 0; \" data-overlay=\"true\" data-overlay-color=\"#000000\" class=\"panel-row-style panel-row-style-for-32-1\" ><div id=\"pgc-32-1-0\"  class=\"panel-grid-cell\" ><div id=\"panel-32-1-0-0\" class=\"so-panel widget widget_sow-editor panel-first-child panel-last-child\" data-index=\"1\" ><div style=\"text-align: left;\" data-title-color=\"#443f3f\" data-headings-color=\"#443f3f\" class=\"panel-widget-style panel-widget-style-for-32-1-0-0\" ><div\n\t\t\t\n\t\t\tclass=\"so-widget-sow-editor so-widget-sow-editor-base\"\n\t\t\t\n\t\t>\n<div class=\"siteorigin-widget-tinymce textwidget\">\n\t<h4>Korraldajate kontaktid:<\/h4>\n<\/div>\n<\/div><\/div><\/div><\/div><div id=\"pgc-32-1-1\"  class=\"panel-grid-cell panel-grid-cell-empty\" ><\/div><div id=\"pgc-32-1-2\"  class=\"panel-grid-cell panel-grid-cell-empty panel-grid-cell-mobile-last\" ><\/div><div id=\"pgc-32-1-3\"  class=\"panel-grid-cell panel-grid-cell-empty\" ><\/div><\/div><\/div><div id=\"pg-32-2\"  class=\"panel-grid panel-has-style\" ><div style=\"padding: 20px 0; \" data-overlay=\"true\" data-overlay-color=\"#000000\" class=\"panel-row-style panel-row-style-for-32-2\" ><div id=\"pgc-32-2-0\"  class=\"panel-grid-cell\" ><div id=\"panel-32-2-0-0\" class=\"so-panel widget widget_sow-editor panel-first-child panel-last-child\" data-index=\"2\" ><div\n\t\t\t\n\t\t\tclass=\"so-widget-sow-editor so-widget-sow-editor-base\"\n\t\t\t\n\t\t>\n<div class=\"siteorigin-widget-tinymce textwidget\">\n\t<p><strong>BALTIC AGRO<br \/><\/strong>Margus Ameerikas<br \/>Arendusdirektor<br \/>Tel 511 1543<br \/><a href=\"mailto:margus.ameerikas@balticagro.com\">margus.ameerikas@balticagro.com<br \/><\/a><a href=\"http:\/\/www.balticagro.ee\">www.balticagro.ee<\/a><\/p>\n<p>\u00a0<\/p>\n<\/div>\n<\/div><\/div><\/div><div id=\"pgc-32-2-1\"  class=\"panel-grid-cell\" ><div id=\"panel-32-2-1-0\" class=\"so-panel widget widget_sow-editor panel-first-child panel-last-child\" data-index=\"3\" ><div style=\"text-align: left;\" data-title-color=\"#443f3f\" data-headings-color=\"#443f3f\" class=\"panel-widget-style panel-widget-style-for-32-2-1-0\" ><div\n\t\t\t\n\t\t\tclass=\"so-widget-sow-editor so-widget-sow-editor-base\"\n\t\t\t\n\t\t>\n<div class=\"siteorigin-widget-tinymce textwidget\">\n\t<p><strong>MAALEHT<br \/>\n<\/strong>Marju Reitsak<br \/>\nMaaleht\/ Maamajanduse ja Targu Talita vanemtoimetaja<br \/>\n<a href=\"mailto:marju.reitsak@maaleht.ee\">marju.reitsak@maaleht.ee<br \/>\n<\/a><a href=\"https:\/\/maaleht.delfi.ee\/\">maaleht.delfi.ee<\/a><\/p>\n<p>&nbsp;<\/p>\n<\/div>\n<\/div><\/div><\/div><\/div><div id=\"pgc-32-2-2\"  class=\"panel-grid-cell\" ><div id=\"panel-32-2-2-0\" class=\"so-panel widget widget_sow-editor panel-first-child panel-last-child\" data-index=\"4\" ><div style=\"text-align: left;\" data-title-color=\"#443f3f\" data-headings-color=\"#443f3f\" class=\"panel-widget-style panel-widget-style-for-32-2-2-0\" ><div\n\t\t\t\n\t\t\tclass=\"so-widget-sow-editor so-widget-sow-editor-base\"\n\t\t\t\n\t\t>\n<div class=\"siteorigin-widget-tinymce textwidget\">\n\t<p><strong>EESTI MAA\u00dcLIKOOL<br \/>\n<\/strong>Evelin Loit-Harro<br \/>\nP\u00f5llumajandus- ja keskkonnainstituudi s\u00e4\u00e4stva taimekasvatuse professor ning taimekasvatuse \u00f5ppetooli juht<br \/>\n<a href=\"mailto:evelin.loit-harro@emu.ee\">evelin.loit-harro@emu.ee<\/a><a href=\"mailto:margus.ameerikas@balticagro.com\"><br \/>\n<\/a><a href=\"https:\/\/www.emu.ee\/\">www.emu.ee<\/a><\/p>\n<\/div>\n<\/div><\/div><\/div><\/div><div id=\"pgc-32-2-3\"  class=\"panel-grid-cell\" ><div id=\"panel-32-2-3-0\" class=\"so-panel widget widget_sow-editor panel-first-child panel-last-child\" data-index=\"5\" ><div style=\"text-align: left;\" data-title-color=\"#443f3f\" data-headings-color=\"#443f3f\" class=\"panel-widget-style panel-widget-style-for-32-2-3-0\" ><div\n\t\t\t\n\t\t\tclass=\"so-widget-sow-editor so-widget-sow-editor-base\"\n\t\t\t\n\t\t>\n<div class=\"siteorigin-widget-tinymce textwidget\">\n\t<p><strong>MAAELU TEADMUSKESKUS<br \/>\n<\/strong>Kaisa Tsopp<br \/>\njuhtkonna n\u00f5unik ja taimekasvatussoovituste teenuse juht<br \/>\n<a href=\"mailto:kaisa.tsopp@metk.agri.ee\">kaisa.tsopp@metk.agri.ee<\/a><a href=\"mailto:margus.ameerikas@balticagro.com\"><br \/>\n<\/a><a href=\"https:\/\/metk.agri.ee\/\">metk.agri.ee<\/a><\/p>\n<\/div>\n<\/div><\/div><\/div><\/div><\/div><\/div><\/div>","protected":false},"excerpt":{"rendered":"<p>Viljelusv\u00f5istlust korraldab MT\u00dc Viljelusp\u00e4evad. Kaasatud on ka Maaelu Teadmuskeskuse eksperdid Raivo Vettik ja Helen Vesik ning Eesti Maa\u00fclikooli eksperdid Indrek Keres, Endla Reintam, Alar Astover ja Evelin Loit-Harro, kes lisaks p\u00f5ldude mulla, taimestiku ja agrotehnika j\u00e4lgimisele toetavad v\u00f5istlejaid asjalike n\u00f5uannetega. Selle eest, et uued teadmised ja kogemused v\u00f5istlusp\u00f5ldudelt avalikkuse ette j\u00f5uaksid, hoolitsevad Maalehe ajakirjanikud Marju [&hellip;]<\/p>\n","protected":false},"author":9,"featured_media":0,"parent":0,"menu_order":0,"comment_status":"closed","ping_status":"closed","template":"page-templates\/page_fullwidth.php","meta":{"two_page_speed":[],"footnotes":""},"class_list":["post-32","page","type-page","status-publish","hentry"],"_links":{"self":[{"href":"https:\/\/viljelusvoistlus.ee\/en\/wp-json\/wp\/v2\/pages\/32","targetHints":{"allow":["GET"]}}],"collection":[{"href":"https:\/\/viljelusvoistlus.ee\/en\/wp-json\/wp\/v2\/pages"}],"about":[{"href":"https:\/\/viljelusvoistlus.ee\/en\/wp-json\/wp\/v2\/types\/page"}],"author":[{"embeddable":true,"href":"https:\/\/viljelusvoistlus.ee\/en\/wp-json\/wp\/v2\/users\/9"}],"replies":[{"embeddable":true,"href":"https:\/\/viljelusvoistlus.ee\/en\/wp-json\/wp\/v2\/comments?post=32"}],"version-history":[{"count":5,"href":"https:\/\/viljelusvoistlus.ee\/en\/wp-json\/wp\/v2\/pages\/32\/revisions"}],"predecessor-version":[{"id":2372,"href":"https:\/\/viljelusvoistlus.ee\/en\/wp-json\/wp\/v2\/pages\/32\/revisions\/2372"}],"wp:attachment":[{"href":"https:\/\/viljelusvoistlus.ee\/en\/wp-json\/wp\/v2\/media?parent=32"}],"curies":[{"name":"wp","href":"https:\/\/api.w.org\/{rel}","templated":true}]}}